{"id":367,"date":"2026-04-01T08:28:10","date_gmt":"2026-04-01T06:28:10","guid":{"rendered":"https:\/\/fyh.es\/revista\/?post_type=product&#038;p=367"},"modified":"2026-04-01T09:16:49","modified_gmt":"2026-04-01T07:16:49","slug":"revista-fh-567-marzo-2026","status":"publish","type":"product","link":"https:\/\/fyh.es\/revista\/producto\/revista-fh-567-marzo-2026\/","title":{"rendered":"Revista F&#038;H 567 &#8211; Marzo 2026"},"content":{"rendered":"<p><b>8 \u00b7 EN PORTADA<\/b><br \/>\n<b>La sanidad vegetal como garant\u00eda de futuro<\/b><\/p>\n<p><b>10 \u00b7 ENTREVISTA<\/b><br \/>\n<b>Adnan Pervez<\/b>, CEO de Greenfood Ib\u00e9rica<\/p>\n<p><b>12 \u00b7 EL DATO<\/b><br \/>\n<b>\u2018Frenazo\u2019 al invernadero<\/b><\/p>\n<p><b>14 \u00b7 CUADERNO<\/b><br \/>\nEl sector de la manzana es muy relevante en Espa\u00f1a, con una fuerte apuesta por la calidad. La evoluci\u00f3n del marquismo sigue al alza y, en el apartado de la importaci\u00f3n, los operadores transalpinos y galos siguen llevando la voz cantante.<\/p>\n<p><b>26 \u00b7 MERCADOS<\/b><br \/>\n<b>El lim\u00f3n s\u00ed tiene quien le quiera<\/b><\/p>\n<p><b>28 \u00b7 MERCADOS<\/b><br \/>\n<b>Los \u2018puntos calientes\u2019 del consumo de berries<\/b><\/p>\n<p><b>36 \u00b7 MERCADOS<\/b><br \/>\n<b>Todas las velocidades del br\u00f3coli en Europa<\/b><\/p>\n<p><b>39 \u00b7 MERCADOS<\/b><br \/>\n<b>Pepino y coliflor adelantan al pimiento en Pa\u00edses Bajos<\/b><\/p>\n<p><b>40 \u00b7 LINEAL<\/b><br \/>\n<b>Lidl ya lidera en fruta fresca en Francia<\/b><\/p>\n<p><b>42 \u00b7 ORIGEN<\/b><br \/>\n<b>GIFE: \u00bfla impresora 3D sustituir\u00e1 a la \u2018airfryer\u2019?<\/b><\/p>\n<p><b>44 \u00b7 ORIGEN<\/b><br \/>\n<b>La hoja que viene<\/b><\/p>\n","protected":false},"excerpt":{"rendered":"<p>8 \u00b7 EN PORTADA La sanidad vegetal como garant\u00eda de futuro 10 \u00b7 ENTREVISTA Adnan Pervez, CEO de Greenfood Ib\u00e9rica 12 \u00b7 EL DATO \u2018Frenazo\u2019 al invernadero 14 \u00b7 CUADERNO El sector de la manzana es muy relevante en Espa\u00f1a, con una fuerte apuesta por la calidad. La evoluci\u00f3n del marquismo sigue al alza y, [&hellip;]<\/p>\n","protected":false},"featured_media":368,"template":"","meta":{"pmpro_default_level":""},"product_brand":[],"product_cat":[15],"product_tag":[],"class_list":{"0":"post-367","1":"product","2":"type-product","3":"status-publish","4":"has-post-thumbnail","6":"product_cat-revistafyh","7":"pmpro-has-access","9":"first","10":"instock","11":"downloadable","12":"virtual","13":"purchasable","14":"product-type-simple"},"jetpack_sharing_enabled":true,"_links":{"self":[{"href":"https:\/\/fyh.es\/revista\/wp-json\/wp\/v2\/product\/367","targetHints":{"allow":["GET"]}}],"collection":[{"href":"https:\/\/fyh.es\/revista\/wp-json\/wp\/v2\/product"}],"about":[{"href":"https:\/\/fyh.es\/revista\/wp-json\/wp\/v2\/types\/product"}],"wp:featuredmedia":[{"embeddable":true,"href":"https:\/\/fyh.es\/revista\/wp-json\/wp\/v2\/media\/368"}],"wp:attachment":[{"href":"https:\/\/fyh.es\/revista\/wp-json\/wp\/v2\/media?parent=367"}],"wp:term":[{"taxonomy":"product_brand","embeddable":true,"href":"https:\/\/fyh.es\/revista\/wp-json\/wp\/v2\/product_brand?post=367"},{"taxonomy":"product_cat","embeddable":true,"href":"https:\/\/fyh.es\/revista\/wp-json\/wp\/v2\/product_cat?post=367"},{"taxonomy":"product_tag","embeddable":true,"href":"https:\/\/fyh.es\/revista\/wp-json\/wp\/v2\/product_tag?post=367"}],"curies":[{"name":"wp","href":"https:\/\/api.w.org\/{rel}","templated":true}]}}